{"id":101,"date":"2024-12-20T12:36:24","date_gmt":"2024-12-20T11:36:24","guid":{"rendered":"https:\/\/bee2bee.biz\/you-act\/?page_id=101"},"modified":"2025-06-25T13:49:13","modified_gmt":"2025-06-25T11:49:13","slug":"ueber-uns","status":"publish","type":"page","link":"https:\/\/bee2bee.biz\/you-act\/ueber-uns\/","title":{"rendered":"\u00dcber uns"},"content":{"rendered":"\n<div class=\"wp-block-group ueber-uns-first-section is-layout-grid wp-container-core-group-is-layout-4d858cb8 wp-block-group-is-layout-grid\">\n<div class=\"qr-one-one\"><h1>\u00dcber uns<\/h1><\/div>\n\n\n\n<div class=\"qr-one-two\"><\/div>\n\n\n\n<div class=\"qr-one-three\"><\/div>\n\n\n\n<div class=\"qr-two-one\"><\/div>\n\n\n\n<div class=\"qr-two-two\"><\/div>\n\n\n\n<div class=\"qr-two-three\"><\/div>\n<\/div>\n\n\n\n<div class=\"wp-block-group ueber-uns-second-section is-layout-grid wp-container-core-group-is-layout-4d858cb8 wp-block-group-is-layout-grid\">\n<div class=\"qr-one-one\"><p>Wir Menschen sind Schauspieler:innen, immer und \u00fcberall. Wir spielen mit Rollen und Identit\u00e4ten in jeder Situation unseres Alltags, ob in der S-Bahn, in der Schule oder zu Hause in der Familie. Die ganze Welt ist unsere B\u00fchne, die Menschen, denen wir begegnen, unsere Mitspieler:innen. Das gemeinsame Spiel, das Theater unseres Alltags, bildet und gestaltet unser gesellschaftliches Leben, der Umgang damit ist Urinstinkt: Wir wissen ohne es zu wissen, dass wir mit dem Lehrer anders sprechen als mit unserer Mutter, dass wir andere sind im Konflikt mit den Eltern als im Verkaufsgespr\u00e4ch mit dem B\u00e4cker. All das lernen und benutzen wir von Kindesbeinen an.<\/p><\/div>\n\n\n\n<div class=\"qr-one-three\"><\/div>\n\n\n\n<div class=\"qr-two-one\"><\/div>\n\n\n\n<div class=\"qr-two-two\"><\/div>\n\n\n\n<div class=\"qr-two-three\"><p>Der Schauspielunterricht der YouAct bietet Kindern und Jugendlichen die M\u00f6glichkeit, im gesch\u00fctzten Raum unter professioneller Anleitung ihre ureigenen Ausdrucksm\u00f6glichkeiten zu leben und zu finden: Hier darf probiert und erkundet werden. Der Freiraum, den wir bieten soll Selbstbewusstsein, Erfahrung und pure Lebensfreude erzeugen. Das Theater ist dabei ein zentraler Ort des Miteinanders, wo gar nichts funktioniert ohne Hin- und Zuh\u00f6ren, ohne gemeinsames Spielen. Wer das auf der B\u00fchne beherzigen lernt, wird auch im Alltag teamf\u00e4hig agieren k\u00f6nnen. Die YouAct versteht sich als Ort der Freiheit, des Miteinanders und der Begeisterung am und im Spiel.<\/p><\/div>\n<\/div>\n\n\n\n<div class=\"wp-block-group ueber-uns-third-section is-layout-grid wp-container-core-group-is-layout-4d858cb8 wp-block-group-is-layout-grid\">\n<div class=\"qr-one-one\"><\/div>\n\n\n\n<div class=\"qr-one-two\"><\/div>\n\n\n\n<div class=\"qr-one-three\"><\/div>\n\n\n\n<div class=\"qr-one-four\"><\/div>\n\n\n\n<div class=\"qr-two-one\"><\/div>\n\n\n\n<div class=\"qr-two-two\"><div class=\"anmeldung\">\n<h2>SCHNUPPER <br\/>BEI UNS!<\/h2>\n<p>Komm in eine kostenlose Schnupperstunde und spiel mit! Wir freuen uns auf dich!\n<a href=\"https:\/\/bee2bee.biz\/you-act\/anmeldung\/?kon-betreff=Schnupperstunde#wpcf7-f369-p108-o1\"><button class=\"anmelden\">Anmelden<\/button> <span id=\"pfeil\">&#8594;<\/span><\/a><\/div><\/div>\n\n\n\n<div class=\"qr-two-three\"><\/div>\n\n\n\n<div class=\"qr-two-four\"><\/div>\n<\/div>\n\n\n\n<div class=\"wp-block-group ueber-uns-fourth-section is-layout-grid wp-container-core-group-is-layout-4d858cb8 wp-block-group-is-layout-grid\">\n<div class=\"qr-one-one\"><\/div>\n\n\n\n<div class=\"qr-one-three\"><\/div>\n\n\n\n<div class=\"qr-one-four\"><\/div>\n\n\n\n<div class=\"qr-two-one\"><p>Neugierige k\u00f6nnen jederzeit in einer kostenlosen Schnupperstunde all dies sehen, erleben und ausprobieren!<\/p><\/div>\n\n\n\n<div class=\"qr-two-three\"><\/div>\n\n\n\n<div class=\"qr-two-four\"><\/div>\n<\/div>\n\n\n\n<h2 class=\"wp-block-heading dozentinnen\">DOZENT:INNEN<\/h2>\n\n\n\n<p class=\"dozentinnen\">Unsere Dozenten:innen bringen viel Erfahrung in der Arbeit mit jungen Menschen mit und kommen allesamt aus dem professionellen Theaterbereich. Damit k\u00f6nnen wir, anders als das klassische Schultheater es leisten kann, eine theaterp\u00e4dagogische Arbeit anbieten, die Spielformen und Trainingsmethoden mit einbezieht, die die Kinder intensiv und individuell f\u00f6rdert und ihre Bed\u00fcrfnisse ber\u00fccksichtigt. Jedes Jahr vor den Sommerferien gibt es eine Auff\u00fchrung, in der alle Kurse die gemeinsame Arbeit zeigen und jede:r Sch\u00fcler:in Erfahrungen vor und mit Publikum machen kann.<br><br><code><span id=\"doz\"><\/span><\/code><a href=\"https:\/\/bee2bee.biz\/you-act\/ueber-uns\/?startid=699#doz\" data-type=\"link\" data-id=\"https:\/\/bee2bee.biz\/you-act\/ueber-uns\/?startid=699#doz\">Alexander<\/a> <code>\u2022<\/code> <a href=\"https:\/\/bee2bee.biz\/you-act\/ueber-uns\/?startid=721#doz\" data-type=\"link\" data-id=\"https:\/\/bee2bee.biz\/you-act\/ueber-uns\/?startid=721#doz\">Anina<\/a> <code>\u2022<\/code> <a href=\"https:\/\/bee2bee.biz\/you-act\/ueber-uns\/?startid=705#doz\" data-type=\"link\" data-id=\"https:\/\/bee2bee.biz\/you-act\/ueber-uns\/?startid=705#doz\">Anouschka<\/a> <code>\u2022<\/code> <a href=\"https:\/\/bee2bee.biz\/you-act\/ueber-uns\/?startid=300#doz\">Berit<\/a> <code>\u2022<\/code> <a href=\"https:\/\/bee2bee.biz\/you-act\/ueber-uns\/?startid=709#doz\" data-type=\"link\" data-id=\"https:\/\/bee2bee.biz\/you-act\/ueber-uns\/?startid=709#doz\">Elli<\/a> <code>\u2022 <\/code><a href=\"https:\/\/bee2bee.biz\/you-act\/ueber-uns\/?startid=771#doz\" data-type=\"link\" data-id=\"https:\/\/bee2bee.biz\/you-act\/ueber-uns\/?startid=771#doz\">Florentina<\/a> <code>\u2022<\/code> <a href=\"https:\/\/bee2bee.biz\/you-act\/ueber-uns\/?startid=712#doz\" data-type=\"link\" data-id=\"https:\/\/bee2bee.biz\/you-act\/ueber-uns\/?startid=712#doz\">Gonca<\/a> <code>\u2022<\/code> <a href=\"https:\/\/bee2bee.biz\/you-act\/ueber-uns\/?startid=728#doz\" data-type=\"link\" data-id=\"https:\/\/bee2bee.biz\/you-act\/ueber-uns\/?startid=728#doz\">Marie Therese<\/a> <code>\u2022<\/code> <a href=\"https:\/\/bee2bee.biz\/you-act\/ueber-uns\/?startid=307#doz\">Markus<\/a> <code>\u2022<\/code> <a href=\"https:\/\/bee2bee.biz\/you-act\/ueber-uns\/?startid=309#doz\">Nicola<\/a> <code>\u2022<\/code> <a href=\"https:\/\/bee2bee.biz\/you-act\/ueber-uns\/?startid=715#doz\" data-type=\"link\" data-id=\"https:\/\/bee2bee.biz\/you-act\/ueber-uns\/?startid=715#doz\">Nina<\/a> <code>\u2022<\/code> <a href=\"https:\/\/bee2bee.biz\/you-act\/ueber-uns\/?startid=702#doz\" data-type=\"link\" data-id=\"https:\/\/bee2bee.biz\/you-act\/ueber-uns\/?startid=702#doz\">Peter<\/a> <code>\u2022<\/code> <a href=\"https:\/\/bee2bee.biz\/you-act\/ueber-uns\/?startid=731#doz\" data-type=\"link\" data-id=\"https:\/\/bee2bee.biz\/you-act\/ueber-uns\/?startid=731#doz\">Stefan<\/a> <code>\u2022<\/code> <a href=\"https:\/\/bee2bee.biz\/you-act\/ueber-uns\/?startid=734#doz\" data-type=\"link\" data-id=\"https:\/\/bee2bee.biz\/you-act\/ueber-uns\/?startid=734#doz\">Veronika<\/a><\/p>\n\n\n\n\n<style type='text\/css' media='all'>#tss-container-3318322114.tss-wrapper .tss-layout10 .item-content-wrapper,\r\n\t\t\t\t\t#tss-container-3318322114.tss-wrapper .tss-isotope3 .item-content-wrapper,\r\n\t\t\t\t\t#tss-container-3318322114.tss-wrapper .tss-isotope5 .item-content-wrapper,\r\n\t\t\t\t\t#tss-container-3318322114.tss-wrapper .tss-carousel10 .item-content-wrapper{background: transparent;}<\/style><div class='rt-container-fluid tss-wrapper ' id='tss-container-3318322114'  data-layout='carousel1' data-desktop-col='1'  data-tab-col='1'  data-mobile-col='1'><div data-title='Loading ...' class='rt-row tss-carousel1 tss-even tss-pre-loader'><div class=\"carousel-wrapper\"><div  class='tss-carousel swiper'\r\n\t\t\t\t\t\t\t\t\t\tdata-loop='false'\r\n\t\t\t\t\t\t\t\t\t\tdata-items-desktop='1'\r\n\t\t\t\t\t\t\t\t\t\tdata-items-tab='1'\r\n\t\t\t\t\t\t\t\t\t\tdata-items-mobile='1'\r\n\t\t\t\t\t\t\t\t\t\tdata-autoplay='true'\r\n\t\t\t\t\t\t\t\t\t\tdata-autoplay-timeout='5000'\r\n\t\t\t\t\t\t\t\t\t\tdata-autoplay-hover-pause='true'\r\n\t\t\t\t\t\t\t\t\t\tdata-dots='true'\r\n\t\t\t\t\t\t\t\t\t\tdata-nav='true'\r\n\t\t\t\t\t\t\t\t\t\tdata-lazy-load='false'\r\n\t\t\t\t\t\t\t\t\t\tdata-auto-height='false'\r\n\t\t\t\t\t\t\t\t\t\tdata-smart-speed='2000'\r\n\t\t\t\t\t\t\t\t\t\t><div class=\"swiper-wrapper\"><div class='rt-col-md-12 rt-col-sm-12 rt-col-xs-12 even-grid-item tss-grid-item slide-item swiper-slide even-grid-item default-margin'><div class=\"single-item-wrapper\"><div class=\"tss-meta-info tss-left\"><div class='profile-img-wrapper'><img alt='Gonca de Haas' class='rt-responsive-img' src='https:\/\/bee2bee.biz\/you-act\/wp-content\/uploads\/2025\/05\/Gonca-de-Haas-Dozentin.jpg' \/><\/div><h3 class='author-name'>Gonca de Haas<\/h3><\/div><div class=\"item-content-wrapper tss-right\"><div class='item-content'><strong>Gonca de Haas<\/strong> wurde in Mannheim geboren. Dort sammelte sie bereits als junges M\u00e4dchen ihre ersten B\u00fchnenerfahrungen u.a. bei den Internationalen Schillertagen des Nationaltheater Mannheim, dem Theater Pfalzbau in Ludwigshafen oder dem Stadttheater Bozen. Nach dem Abitur wurde sie als eine der Wenigen an der rennomierten Otto Falckenberg Schauspielschule aufgenommen und absolvierte 2010 das Studium der Darstellenden Kunst. Es folgten Rollen an gro\u00dfen H\u00e4usern u.a. an den M\u00fcnchner Kammerspielen, am Stadttheater Augsburg und Osnabr\u00fcck. Zuletzt war sie an der Baerischen Staatsoper in der <em>Entf\u00fchrung aus dem Serail<\/em> zu sehen. Nebem ihren B\u00fchnenauftritten steht sie auch regelm\u00e4\u00dfig vor der Kamera. Sie spielte u.a. in Ekrem Erg\u00fcns <em>H\u00f6rdur<\/em>, der 2016 den Preis der deutschen Filmkritik als bester Kinderfilm gewann, mit. In Thomas Oberlies Kinokom\u00f6die <em>Mannheim - der Film<\/em> ist sie die weibliche Hauptrolle. F\u00fcrs Fernsehen drehte sie zuletzt den ZDF-Krimi <em>Am Ruder<\/em>. Parallel zur Schauspielerei entwickelte Gonca ihre Leidenschaft am Unterrichten, an der Theaterakademie Mannheim ist sie als Dozentin f\u00fcr Rollenstudium und szenische Arbeiten t\u00e4tig. Seit einiger Zeit gibt sie Theaterworkshops f\u00fcr Kinder und Jugendliche und freut sich an der YouAct Schauspielschule ihre Erfahrungen im Schauspiel weiterzugeben.<\/div><\/div><\/div><\/div><div class='rt-col-md-12 rt-col-sm-12 rt-col-xs-12 even-grid-item tss-grid-item slide-item swiper-slide even-grid-item default-margin'><div class=\"single-item-wrapper\"><div class=\"tss-meta-info tss-left\"><div class='profile-img-wrapper'><img alt='Florentina Tautu' class='rt-responsive-img' src='https:\/\/bee2bee.biz\/you-act\/wp-content\/uploads\/2025\/05\/Florentina-Tautu-Dozentin.jpg' \/><\/div><h3 class='author-name'>Florentina Tautu<\/h3><\/div><div class=\"item-content-wrapper tss-right\"><div class='item-content'><strong>Florentina Tautu<\/strong> ist geb\u00fcrtige M\u00fcnchnerin mit rum\u00e4nischen Wurzeln, Schauspielerin,Dramaturgin, Regisseurin und Autorin. Bereits mit f\u00fcnf Jahren stand sie erstmals am G\u00e4rtnerplatztheater auf der B\u00fchne. Es folgten Engagements am M\u00fcnchner Volkstheater und Residenztheater. Nach einem Grundstudium der Philosophie und Sprachwissenschaft an der LMU M\u00fcnchen absolvierte sie ein Schauspielstudium in K\u00f6ln. Ihre darstellerische Arbeit f\u00fcr Tel Aviv wurde u.a. mit einer Nominierung f\u00fcr den K\u00f6lner Theaterpreis gew\u00fcrdigt.\r\nAls Dramaturgin und Regisseurin arbeitete sie u.a. f\u00fcr das Spagat (Extrem laut und unglaublich nah, MARTHA, Keimzellen), die Freie B\u00fchne M\u00fcnchen sowie das Residenztheater. Ihr Regiedeb\u00fct Keimzellen (2023) fand gro\u00dfe Resonanz. Dar\u00fcber hinaus war sie langj\u00e4hrige Sprecherin f\u00fcr das DeutschlandRadio Kultur und feierte ihr Deb\u00fct als Autorin mit einer Opernfassung von Fierrabras an der Br\u00fcsseler Staatsoper La Monnaie de Munt.\r\n<strong>Florentina Tautu<\/strong> lebt mit Leidenschaft die Verbindung und Jonglage von Familie und Beruf. Als vierfache Mutter engagiert sie sich f\u00fcr feministische Perspektiven, kreative Begegnungsr\u00e4ume und niederschwellige kulturelle Teilhabe.<\/div><\/div><\/div><\/div><div class='rt-col-md-12 rt-col-sm-12 rt-col-xs-12 even-grid-item tss-grid-item slide-item swiper-slide even-grid-item default-margin'><div class=\"single-item-wrapper\"><div class=\"tss-meta-info tss-left\"><div class='profile-img-wrapper'><img alt='Berit Menze' class='rt-responsive-img' src='https:\/\/bee2bee.biz\/you-act\/wp-content\/uploads\/2025\/01\/Berit-Menze-Dozentin.jpg' \/><\/div><h3 class='author-name'>Berit Menze<\/h3><\/div><div class=\"item-content-wrapper tss-right\"><div class='item-content'><strong>Berit Menze<\/strong> erhielt ihre Schauspielausbildung in M\u00fcnchen und wurde nach ihrem erfolgreichen Abschluss im Jahre 2000 direkt an die Schauburg M\u00fcnchen engagiert, welche zu den renommiertesten Kinder- und Jugendtheatern Deutschlands z\u00e4hlt. Sie war dort 4 Jahre Ensemblemitglied. Danach ging sie als Gastschauspielerin an verschiedene Theater u.a. ans Theater Bregenz. An der Schauburg ist sie bis heute als Gast regelm\u00e4\u00dfig in neuen Produktionen zu sehen. Parallel zu ihrer Theatert\u00e4tigkeit wirkte sie auch in zahlreichen Fernseh- und Kinoproduktionen mit, wo sie mit namhaften Regisseuren wie Jo Baier, Olli Dittrich und Dieter Wedel zusammenarbeitete. In den letzten Jahren erweiterte sie ihre T\u00e4tigkeit in die Bereiche Setcoaching f\u00fcr Schauspieler - speziell f\u00fcr Kinderdarsteller, sowie Schauspielunterricht f\u00fcr Kinder und Jugendliche. Ihr Ziel ist es mit den Sch\u00fclerinnen und Sch\u00fclern die unendlichen Weiten der Phantasie zu entdecken und zu bereisen. Berit Menze ist seit dem Schuljahr 2012\/2013 Inhaberin der YouAct Schauspielschule f\u00fcr Kinder und Jugendliche.<\/div><\/div><\/div><\/div><div class='rt-col-md-12 rt-col-sm-12 rt-col-xs-12 even-grid-item tss-grid-item slide-item swiper-slide even-grid-item default-margin'><div class=\"single-item-wrapper\"><div class=\"tss-meta-info tss-left\"><div class='profile-img-wrapper'><img alt='Markus Kayl' class='rt-responsive-img' src='https:\/\/bee2bee.biz\/you-act\/wp-content\/uploads\/2025\/01\/Markus-KaylDozent.jpg' \/><\/div><h3 class='author-name'>Markus Kayl<\/h3><\/div><div class=\"item-content-wrapper tss-right\"><div class='item-content'><strong>Markus Kayl<\/strong> absolvierte seine Schauspielausbildung an der \"Internationalen Schule f\u00fcr Schauspiel und Acting\" 2008 in M\u00fcnchen. Es folgten Engagements an der B\u00fchne Berganger, kleines Theater Haar sowie einige Arbeiten im TV- und Werbebereich. Neben seiner Arbeit als Schauspieler ist Markus im Bereich Tanz seit seinem 12. Lebensjahr t\u00e4tig. Hier eingeschlossen sind die Bereiche Jazz-\/Musical-\/HipHop-\/ und Lateintanz, letzteres seit einigen Jahren als aktive Wettkampfdisziplin. Er unterrichtet an der YouAct Schauspielschule nicht nur im Bereich Schauspiel, sondern auch H\u00f6rspiel und Kameraarbeit.<\/div><\/div><\/div><\/div><div class='rt-col-md-12 rt-col-sm-12 rt-col-xs-12 even-grid-item tss-grid-item slide-item swiper-slide even-grid-item default-margin'><div class=\"single-item-wrapper\"><div class=\"tss-meta-info tss-left\"><div class='profile-img-wrapper'><img alt='Nicola Trub' class='rt-responsive-img' src='https:\/\/bee2bee.biz\/you-act\/wp-content\/uploads\/2025\/01\/Nicola-Trub-Dozentin-1.jpg' \/><\/div><h3 class='author-name'>Nicola Trub<\/h3><\/div><div class=\"item-content-wrapper tss-right\"><div class='item-content'><div class=\"\"><span class=\"\"><strong>Nicola Trub<\/strong> wurde in Freiburg geboren. Ihre Ausbildung zur Schauspielerin absolvierte sie an der Akademie der K\u00fcnste in Ulm. Schon w\u00e4hrend des Studiums spielte sie am Stadttheater Ulm und am Stadttheater Aalen. Ihr erstes Engagement f\u00fchrte sie f\u00fcr f\u00fcnf Jahre an das Landestheater Linz. Seit 2004 arbeitet Sie als freie Schauspielerin international in Deutschland, \u00d6sterreich, der Schweiz und Italien f\u00fcr Theater, Film und Fernsehen.\u00a0<\/span><span class=\"\">Einige Stationen sind Wien, Salzburg<\/span><span class=\"\">, <\/span><span class=\"\">das Staatstheater Saarbr\u00fccken, die Kammerspielen Landshut, das Fritz-Raimond Theater in Frankfurt, Hannover, N\u00fcrnberg, Coburg, F\u00fcrth, Bern und S\u00fcdtirol, sowie zahlreiche Produktionen in M\u00fcnchen.\u00a0<\/span><\/div>\r\n<div class=\"\"><span class=\"\">Seit 2010 arbeitet sie auch im k\u00fcnstlerisch-p\u00e4dagogischen Bereich mit Kindern und Jugendlichen. So entstanden unter Ihrer Regie Inszenierungen an der Montessorischule Biberkor, an der Waldorfschule Freiburg-Wiehre und an der Waldorfschule Freiburg St. Georgen.\u00a0<\/span><\/div>\r\n<div class=\"\"><span class=\"\">Schon seit 2014 ist sie sporadisch bei der Schauspielschule YouAct in M\u00fcnchen t\u00e4tig und seit dem Schuljahr 2019\/2010 hat sie dauerhaft zwei Gruppen \u00fcbernommen.<\/span><\/div><\/div><\/div><\/div><\/div><div class='rt-col-md-12 rt-col-sm-12 rt-col-xs-12 even-grid-item tss-grid-item slide-item swiper-slide even-grid-item default-margin'><div class=\"single-item-wrapper\"><div class=\"tss-meta-info tss-left\"><div class='profile-img-wrapper'><img alt='Alexander R. Koch' class='rt-responsive-img' src='https:\/\/bee2bee.biz\/you-act\/wp-content\/uploads\/2025\/05\/Alexander-R-Koch-Dozent.jpg' \/><\/div><h3 class='author-name'>Alexander R. Koch<\/h3><\/div><div class=\"item-content-wrapper tss-right\"><div class='item-content'><strong>Alexander R. Koch<\/strong> hat die faszinierende Welt des Theaters und der Schauspielerei durch das Schultheater entdeckt. Daraufhin studierte er Schauspiel und Gesang an der Folkwang Universit\u00e4t der K\u00fcnste in Essen. Nach M\u00fcnchen f\u00fchrte ihn ein Studium der TUM-BWL an der TU M\u00fcnchen.\r\nNach dessen Abschluss wandte er sich wieder der Schauspielerei zu und spielt und spricht seitdem als freischaffender Schauspieler vor der Kamera und auf der B\u00fchne und Synchronsprecher in unterschiedlichsten Produktionen. Au\u00dferdem h\u00e4lt er Workshops im Bereich Schauspiel und Sprache.\r\nMit Beginn des Schuljahres 2018\/19 beginnt er als Dozent an der YouAct seine Erfahrungen und Erkenntnisse zu teilen.<\/div><\/div><\/div><\/div><div class='rt-col-md-12 rt-col-sm-12 rt-col-xs-12 even-grid-item tss-grid-item slide-item swiper-slide even-grid-item default-margin'><div class=\"single-item-wrapper\"><div class=\"tss-meta-info tss-left\"><div class='profile-img-wrapper'><img alt='Peter Wolter' class='rt-responsive-img' src='https:\/\/bee2bee.biz\/you-act\/wp-content\/uploads\/2025\/05\/Peter-Wolter-Dozent.jpg' \/><\/div><h3 class='author-name'>Peter Wolter<\/h3><\/div><div class=\"item-content-wrapper tss-right\"><div class='item-content'><strong>Peter Wolter<\/strong> ist in der N\u00e4he von K\u00f6ln geboren und aufgewachsen, hat nach der Schule zun\u00e4chst Germanistik und Politik studiert, bevor er seine gro\u00dfe Leidenschaft zum Beruf machte und an die Schauspielschule in Hamburg wechselte. Anschlie\u00dfend spielte er an Theatern in Hamburg, Magdeburg und Kassel, bevor er in M\u00fcnchen heimisch wurde und viele Jahre an der <em>Schauburg<\/em> engagiert war, wo er in \u00fcber drei\u00dfig Theaterproduktionen mitgewirkt hat: vor allem als Schauspieler, aber auch als Autor und Regisseur. Inzwischen arbeitet er auch sehr gern als Sprecher und ist als Dozent f\u00fcr Schauspiel und in der Erwachsenenbildung t\u00e4tig.<\/div><\/div><\/div><\/div><div class='rt-col-md-12 rt-col-sm-12 rt-col-xs-12 even-grid-item tss-grid-item slide-item swiper-slide even-grid-item default-margin'><div class=\"single-item-wrapper\"><div class=\"tss-meta-info tss-left\"><div class='profile-img-wrapper'><img alt='Anouschka Doinet' class='rt-responsive-img' src='https:\/\/bee2bee.biz\/you-act\/wp-content\/uploads\/2025\/05\/Anouschka-Doinet-Dozentin.jpg' \/><\/div><h3 class='author-name'>Anouschka Doinet<\/h3><\/div><div class=\"item-content-wrapper tss-right\"><div class='item-content'>Schon immer sangen und musizierten die Geschwister <strong>Anouschka<\/strong> und Anina miteinander. Beide schlugen diesen Weg auch beruflich ein, zun\u00e4chst getrennt voneinander. Nach ihrem Diplom im Fach Musical an der an der \"Bayerischen Theaterakademie August Everding\" folgten f\u00fcr Anina verschiedene Schauspiel- und Musical-Engagements an Stadttheatern, au\u00dferdem Auftritte mit Livebands bei Festivals und Events.\r\n<strong>Anouschka<\/strong> gr\u00fcndete bereits w\u00e4hrend ihres Studiums eine Theatergruppe, die noch heute existiert und gemeinsam St\u00fccke auf die B\u00fchne bringt. Auch f\u00fcr sie folgten diverse Engagements an Stadt- und Staatstheatern. Sie spielte und sang Hauptrollen in verschiedensten Musicals und war Frontfrau einer Closed Harmony Truppe bei Tourneen durch die Schweiz, \u00d6sterreich und Deutschland. Seitdem entwickeln Anouschka und Anina gemeinsam verschiedenste Performances f\u00fcr Theater, Konzerte und Events, au\u00dferdem TV-Auftritte\/Mitschnitte bei arte, WDR, ZDF, 3Sat. Ihr Wissen und ihre Erfahrungen weiterzugeben und sich von jungen und frischen Talenten inspirieren zu lassen, macht ihnen viel Spa\u00df und deshalb unterrichten sie seit vielen Jahren Kinder und Jugendliche.<\/div><\/div><\/div><\/div><div class='rt-col-md-12 rt-col-sm-12 rt-col-xs-12 even-grid-item tss-grid-item slide-item swiper-slide even-grid-item default-margin'><div class=\"single-item-wrapper\"><div class=\"tss-meta-info tss-left\"><div class='profile-img-wrapper'><img alt='Elli Stark' class='rt-responsive-img' src='https:\/\/bee2bee.biz\/you-act\/wp-content\/uploads\/2025\/05\/Elli-Stark-Dozentin.jpg' \/><\/div><h3 class='author-name'>Elli Stark<\/h3><\/div><div class=\"item-content-wrapper tss-right\"><div class='item-content'>Der Wunsch nach pers\u00f6nlicher und kreativer Entwicklung brachte<strong> Elli Stark<\/strong> in den Bereich der Darstellenden K\u00fcnste. Ihre Schauspielausbildung absolvierte sie mit Stipendium in M\u00fcnchen und stand f\u00fcr TV-Formate wie Marienhof, Soko, Rosenheimcops und Tatort vor der Kamera.\r\nGerade das Schauspieldiplom in der Tasche, begann <strong>Elli<\/strong> bereits ihren Unterricht an verschiedenen Kinderschauspielschulen. Ihr Anliegen ist es, einen Raum zu schaffen, in dem die St\u00e4rkung und Entfaltung der Pers\u00f6nlichkeit von jungen Menschen gef\u00f6rdert wird. Die Liebe zum Geschichtenerz\u00e4hlen, Spielfreude und das Verbindende in einer kreativen Gemeinschaft sind dabei die treibenden Kr\u00e4fte. Es folgten ein Lehrauftrag als Dozentin f\u00fcr Schauspiel an der M\u00fcnchner Volkshochschule und ihr Einsatz als Set-Coach f\u00fcr die Jungdarsteller der TV-Serie \u201eFluch des Falken.\u201c Ellis Sch\u00fcler waren sp\u00e4ter in diversen Filmproduktionen wie \u201eHanni und Nanni\u201c oder \u201eDark\u201c zu sehen.\r\nIhre Kenntnisse \u00fcber die heilenden Kr\u00e4fte in der Gruppe vertiefte sie in der Fachausbildung zur szenisch-kreativen Therapeutin am Hamburger Institut f\u00fcr Soziale Interaktion.\r\nHeute blickt <strong>Elli<\/strong> auf 15 Jahre Arbeitserfahrung in der Leitung von Schauspielgruppen mit Kindern und Erwachsenen im k\u00fcnstlerischen, p\u00e4dagogischen und therapeutischen Bereich zur\u00fcck. In Seminaren vermittelt sie auf inspirierende Weise die Werte des interaktiven und sinnlich erfahrbaren Lernens.<\/div><\/div><\/div><\/div><div class='rt-col-md-12 rt-col-sm-12 rt-col-xs-12 even-grid-item tss-grid-item slide-item swiper-slide even-grid-item default-margin'><div class=\"single-item-wrapper\"><div class=\"tss-meta-info tss-left\"><div class='profile-img-wrapper'><img alt='Nina Poethen' class='rt-responsive-img' src='https:\/\/bee2bee.biz\/you-act\/wp-content\/uploads\/2025\/05\/Nina-Poethen-Dozentin.jpg' \/><\/div><h3 class='author-name'>Nina Poethen<\/h3><\/div><div class=\"item-content-wrapper tss-right\"><div class='item-content'><strong>Nina Poethen<\/strong> ist Schauspielerin, S\u00e4ngerin und T\u00e4nzerin. Nach ihrer Schauspiel- und Gesangsausbildung in M\u00fcnchen sammelte sie Erfahrungen in den unterschiedlichsten k\u00fcnstlerischen Genres: vom Theater und Kabarett \u00fcber Musical, Revue, Performance und Fernsehen bis zum Popgesang.\r\nEinblicke in fremde Kulturen begeistern und inspirieren Nina - so wurde der orientalische Tanz zu einem der Schwerpunkte ihrer Arbeit. Aber auch das Zwischenmenschliche und Soziale ist ihr wichtig: 2017 initiierte sie das teils auch vom Kulturreferat der Stadt M\u00fcnchen unterst\u00fctze Begegnungs- und Tanzprojekt \u201eMiunik Dabkeh\u201c: Zusammen mit Einheimischen tanzen Fl\u00fcchtlinge T\u00e4nze aus ihren Heimatl\u00e4ndern.\r\nZu einem weiteren Schwerpunkt von Ninas Arbeit hat sich in den letzten Jahren das Unterrichten, vor allem von Kindern, entwickelt. Ganz besonders sch\u00e4tzt sie das bereichernde und inspirierende Unterrichten der Entdecker-Gruppen, also der j\u00fcngsten Sch\u00fcler der YouAct.<\/div><\/div><\/div><\/div><div class='rt-col-md-12 rt-col-sm-12 rt-col-xs-12 even-grid-item tss-grid-item slide-item swiper-slide even-grid-item default-margin'><div class=\"single-item-wrapper\"><div class=\"tss-meta-info tss-left\"><div class='profile-img-wrapper'><img alt='Anina Doinet' class='rt-responsive-img' src='https:\/\/bee2bee.biz\/you-act\/wp-content\/uploads\/2025\/05\/Anina-Doinet-Dozentin.jpg' \/><\/div><h3 class='author-name'>Anina Doinet<\/h3><\/div><div class=\"item-content-wrapper tss-right\"><div class='item-content'>Coming soon...<\/div><\/div><\/div><\/div><div class='rt-col-md-12 rt-col-sm-12 rt-col-xs-12 even-grid-item tss-grid-item slide-item swiper-slide even-grid-item default-margin'><div class=\"single-item-wrapper\"><div class=\"tss-meta-info tss-left\"><div class='profile-img-wrapper'><img alt='Marie Therese Futterknecht' class='rt-responsive-img' src='https:\/\/bee2bee.biz\/you-act\/wp-content\/uploads\/2025\/05\/Marie-Therese-Futterknecht-Dozentin.jpg' \/><\/div><h3 class='author-name'>Marie Therese Futterknecht<\/h3><\/div><div class=\"item-content-wrapper tss-right\"><div class='item-content'><strong>Marie Therese Futterknecht<\/strong> wurde in Wien geboren und hat dort schon als Kind in diversen H\u00f6rspiel- und Fernsehproduktionen mitgewirkt. Nach ihrer staatlichen Schauspielausbildung in Graz ,f\u00fchrte sie ihr erstes Engagement an das Schauspiel Essen. Seit dem folgen verschiedene Produktionen an Theatern wie dem Schauspiel Frankfurt, Volkstheater Wien, Kammerspiele M\u00fcnchen, Schauspielhaus D\u00fcsseldorf, Landestheater Bregenz und den Vereinigten B\u00fchnen Bozen. Daneben arbeitet sie f\u00fcr Film und Fernsehen (u.a. Soko Kitzb\u00fchel) sowie als Dozentin in der Erwachsenenbildung. Sie coacht angehende Schauspielsch\u00fclerinnen und Schauspielsch\u00fcler bei ihrer Vorbereitung zu Aufnahmepr\u00fcfungen an Schauspielschulen.<\/div><\/div><\/div><\/div><div class='rt-col-md-12 rt-col-sm-12 rt-col-xs-12 even-grid-item tss-grid-item slide-item swiper-slide even-grid-item default-margin'><div class=\"single-item-wrapper\"><div class=\"tss-meta-info tss-left\"><div class='profile-img-wrapper'><img alt='Stefan Mascheck' class='rt-responsive-img' src='https:\/\/bee2bee.biz\/you-act\/wp-content\/uploads\/2025\/05\/Stefan-Mascheck-Dozent.jpg' \/><\/div><h3 class='author-name'>Stefan Mascheck<\/h3><\/div><div class=\"item-content-wrapper tss-right\"><div class='item-content'><span class=\"fontstyle0\">2012 absolvierte der geb\u00fcrtige Bad T\u00f6lzer sein Schauspielstudium an der ISSA in\r\nM\u00fcnchen. Es folgten erste Engagement am Stadttheater Regensburg, sowie der Schauburg\r\nM\u00fcnchen. Seit 2016 arbeitet <strong>Mascheck<\/strong> im Rahmen von Freizeit- und Bildungsprojekten\r\nals selbstst\u00e4ndiger Schauspieldozent. <strong>Mascheck<\/strong> steht regelm\u00e4\u00dfig f\u00fcr verschiedene TV- und\r\nFilmformate, beispielsweise f\u00fcr ARD, BR und das ZDF, vor der Kamera. In seiner Freizeit\r\nist er unter anderem begeisterter Bergsteiger und Sportler. Zudem ist <strong>Stefan<\/strong> durch seine\r\nlangj\u00e4hrige Mitgliedschaft als Solist im T\u00f6lzer Knabenchor sehr musikalisch und spielt\r\nKlavier und Gitarre.<\/span><\/div><\/div><\/div><\/div><div class='rt-col-md-12 rt-col-sm-12 rt-col-xs-12 even-grid-item tss-grid-item slide-item swiper-slide even-grid-item default-margin'><div class=\"single-item-wrapper\"><div class=\"tss-meta-info tss-left\"><div class='profile-img-wrapper'><img alt='Veronika Wolff' class='rt-responsive-img' src='https:\/\/bee2bee.biz\/you-act\/wp-content\/uploads\/2025\/05\/Veronika-Wolff-Dozentin.jpg' \/><\/div><h3 class='author-name'>Veronika Wolff<\/h3><\/div><div class=\"item-content-wrapper tss-right\"><div class='item-content'><strong>Veronika Wolff<\/strong> war nach ihrer Schauspielausbildung viele Jahre im Festengagement als Schauspielerin, u.a. am Stadttheater Bern und am Schlosstheater Celle. Seit 20 Jahren f\u00fchrt sie Regie, zuletzt vor allem am Landestheater Niederbayern und bei der \u201ecompagnie nik\u201c, einem freien Kinder- und Jugendtheater, das seine St\u00fccke sehr erfolgreich im gesamten deutschsprachigen Raum zeigt. F\u00fcr die \u201ecompagnie nik\u201c hat sie auch mehrere St\u00fccke geschrieben.\r\nSchon Anfang der 90ger Jahre hat sie begonnen Schauspiel zu unterrichten - in der Arbeit mit Kindern und Jugendlichen, an der Akademie der Bildenden K\u00fcnste in N\u00fcrnberg und an der Neuen M\u00fcnchner Schauspielschule.\r\nF\u00fcr die YouAct schreibt <strong>Veronika Wolff<\/strong> St\u00fccke und Szenen f\u00fcr den Unterricht und die Jahrespr\u00e4sentationen \u2013 und sie unterst\u00fctzt uns als Vertretungslehrerin.<\/div><\/div><\/div><\/div><\/div><div class=\"swiper-arrow swiper-button-next\"><i class=\"rttss-right-open\"><\/i><\/div><div class=\"swiper-arrow swiper-button-prev\"><i class=\"rttss-left-open\"><\/i><\/div><div class=\"swiper-pagination\"><\/div><\/div><\/div><div class=\"rt-loading-overlay\"><\/div><div class=\"rt-loading rt-ball-clip-rotate\"><div><\/div><\/div><\/div><\/div>\n\n\n\n&nbsp;<br\/><br\/>\n\n\n\n<div class=\"wp-block-group start-seventh-section is-layout-grid wp-container-core-group-is-layout-4d858cb8 wp-block-group-is-layout-grid\">\n<div class=\"qr-one-one\"><\/div>\n\n\n\n<div class=\"qr-one-two\"><\/div>\n\n\n\n<div class=\"qr-one-three\"><\/div>\n\n\n\n<div class=\"qr-one-four\"><div class=\"anmeldung\">\n<h2>PREISE<\/h2>\n<p>&nbsp;<br\/><br\/><br\/>\n<a href=\"https:\/\/bee2bee.biz\/you-act\/kurse\/#prs\"><button class=\"anmelden\">hier lang <\/button> <span id=\"pfeil\">&#8594;<\/span><\/a><\/p><\/div><\/div>\n\n\n\n<div class=\"qr-two-one\"><div class=\"anmeldung\">\n<h2>STUNDENPLAN<\/h2>\n<p>&nbsp;<br\/><br\/><br\/>\n<a href=\"https:\/\/bee2bee.biz\/you-act\/kurse\/#stdpl\"><button class=\"anmelden\">hier lang<\/button> <span id=\"pfeil\">&#8594;<\/span><\/a><\/p><\/div><\/div>\n\n\n\n<div class=\"qr-two-two\"><\/div>\n\n\n\n<div class=\"qr-two-three\"><\/div>\n\n\n\n<div class=\"qr-two-four\"><\/div>\n<\/div>\n","protected":false},"excerpt":{"rendered":"<p>\u00dcber uns Wir Menschen sind Schauspieler:innen, immer und \u00fcberall. Wir spielen mit Rollen und Identit\u00e4ten in jeder Situation unseres Alltags, ob in der S-Bahn, in der Schule oder zu Hause in der Familie. Die ganze Welt ist unsere B\u00fchne, die Menschen, denen wir begegnen, unsere Mitspieler:innen. Das gemeinsame Spiel, das Theater unseres Alltags, bildet und &#8230; <a title=\"Veronika Wolff\" class=\"read-more\" href=\"https:\/\/bee2bee.biz\/you-act\/testimonial\/veronika-wolff\/\" aria-label=\"Mehr Informationen \u00fcber Veronika Wolff\">Weiterlesen<\/a><\/p>\n","protected":false},"author":1,"featured_media":0,"parent":0,"menu_order":0,"comment_status":"closed","ping_status":"closed","template":"","meta":{"footnotes":""},"class_list":["post-101","page","type-page","status-publish","hentry"],"_links":{"self":[{"href":"https:\/\/bee2bee.biz\/you-act\/wp-json\/wp\/v2\/pages\/101","targetHints":{"allow":["GET"]}}],"collection":[{"href":"https:\/\/bee2bee.biz\/you-act\/wp-json\/wp\/v2\/pages"}],"about":[{"href":"https:\/\/bee2bee.biz\/you-act\/wp-json\/wp\/v2\/types\/page"}],"author":[{"embeddable":true,"href":"https:\/\/bee2bee.biz\/you-act\/wp-json\/wp\/v2\/users\/1"}],"replies":[{"embeddable":true,"href":"https:\/\/bee2bee.biz\/you-act\/wp-json\/wp\/v2\/comments?post=101"}],"version-history":[{"count":48,"href":"https:\/\/bee2bee.biz\/you-act\/wp-json\/wp\/v2\/pages\/101\/revisions"}],"predecessor-version":[{"id":858,"href":"https:\/\/bee2bee.biz\/you-act\/wp-json\/wp\/v2\/pages\/101\/revisions\/858"}],"wp:attachment":[{"href":"https:\/\/bee2bee.biz\/you-act\/wp-json\/wp\/v2\/media?parent=101"}],"curies":[{"name":"wp","href":"https:\/\/api.w.org\/{rel}","templated":true}]}}